{"id":13195,"date":"2025-04-17T07:55:32","date_gmt":"2025-04-17T07:55:32","guid":{"rendered":"https:\/\/mitwilltextiles.com\/presse-veranstaltungen\/"},"modified":"2025-05-12T12:26:40","modified_gmt":"2025-05-12T12:26:40","slug":"presse-veranstaltungen","status":"publish","type":"page","link":"https:\/\/mitwilltextiles.com\/de\/presse-veranstaltungen\/","title":{"rendered":"Presse &amp; Veranstaltungen"},"content":{"rendered":"\t\t<div data-elementor-type=\"wp-page\" data-elementor-id=\"13195\" class=\"elementor elementor-13195 elementor-13043\" data-elementor-post-type=\"page\">\n\t\t\t\t\t\t<section class=\"elementor-section elementor-top-section elementor-element elementor-element-fb395dc elementor-section-boxed elementor-section-height-default elementor-section-height-default\" data-id=\"fb395dc\" data-element_type=\"section\">\n\t\t\t\t\t\t<div class=\"elementor-container elementor-column-gap-default\">\n\t\t\t\t\t<div class=\"elementor-column elementor-col-100 elementor-top-column elementor-element elementor-element-b79dc7a\" data-id=\"b79dc7a\" data-element_type=\"column\">\n\t\t\t<div class=\"elementor-widget-wrap elementor-element-populated\">\n\t\t\t\t\t\t<div class=\"elementor-element elementor-element-cff8798 elementor-widget elementor-widget-text-editor\" data-id=\"cff8798\" data-element_type=\"widget\" data-widget_type=\"text-editor.default\">\n\t\t\t\t<div class=\"elementor-widget-container\">\n\t\t\t\t\t\t\t<p>Merken Sie sich den Termin vor! Premi\u00e8re Vision Paris kehrt zu ihrem historischen Termin zur\u00fcck \u2013 besuchen Sie uns <strong>vom 16. bis 18. September 2025<\/strong> f\u00fcr drei inspirierende Tage im Herzen der Modeinnovation. <\/p>\n<p>In dieser Saison steht die Messe ganz im Zeichen von Innovation und Technologie. Sie wird zu einem strategischen Knotenpunkt f\u00fcr die Entdeckung der Trends f\u00fcr <strong>Herbst\/Winter 26\u201327<\/strong> und f\u00fcr den Aufbau einer leistungsstarken, engagierten und nachhaltigen Modebranche.<\/p>\n\t\t\t\t\t\t<\/div>\n\t\t\t\t<\/div>\n\t\t\t\t\t<\/div>\n\t\t<\/div>\n\t\t\t\t\t<\/div>\n\t\t<\/section>\n\t\t\t\t<section class=\"elementor-section elementor-top-section elementor-element elementor-element-ca2d0a3 elementor-section-boxed elementor-section-height-default elementor-section-height-default\" data-id=\"ca2d0a3\" data-element_type=\"section\">\n\t\t\t\t\t\t<div class=\"elementor-container elementor-column-gap-default\">\n\t\t\t\t\t<div class=\"elementor-column elementor-col-100 elementor-top-column elementor-element elementor-element-e9a1e48\" data-id=\"e9a1e48\" data-element_type=\"column\">\n\t\t\t<div class=\"elementor-widget-wrap elementor-element-populated\">\n\t\t\t\t\t\t<div class=\"elementor-element elementor-element-4aa8adb elementor-widget elementor-widget-image\" data-id=\"4aa8adb\" data-element_type=\"widget\" data-widget_type=\"image.default\">\n\t\t\t\t<div class=\"elementor-widget-container\">\n\t\t\t\t\t\t\t\t\t\t\t\t\t<img fetchpriority=\"high\" decoding=\"async\" width=\"600\" height=\"300\" src=\"https:\/\/mitwilltextiles.com\/wp-content\/uploads\/2025\/04\/pv-paris.png\" class=\"attachment-large size-large wp-image-13153\" alt=\"\" srcset=\"https:\/\/mitwilltextiles.com\/wp-content\/uploads\/2025\/04\/pv-paris.png 600w, https:\/\/mitwilltextiles.com\/wp-content\/uploads\/2025\/04\/pv-paris-300x150.png 300w\" sizes=\"(max-width: 600px) 100vw, 600px\" \/>\t\t\t\t\t\t\t\t\t\t\t\t\t<\/div>\n\t\t\t\t<\/div>\n\t\t\t\t\t<\/div>\n\t\t<\/div>\n\t\t\t\t\t<\/div>\n\t\t<\/section>\n\t\t\t\t<section class=\"elementor-section elementor-top-section elementor-element elementor-element-6c3183d elementor-section-boxed elementor-section-height-default elementor-section-height-default\" data-id=\"6c3183d\" data-element_type=\"section\">\n\t\t\t\t\t\t<div class=\"elementor-container elementor-column-gap-default\">\n\t\t\t\t\t<div class=\"elementor-column elementor-col-100 elementor-top-column elementor-element elementor-element-3753a1d\" data-id=\"3753a1d\" data-element_type=\"column\">\n\t\t\t<div class=\"elementor-widget-wrap elementor-element-populated\">\n\t\t\t\t\t\t<div class=\"elementor-element elementor-element-a624ab2 elementor-widget-divider--view-line elementor-widget elementor-widget-divider\" data-id=\"a624ab2\" data-element_type=\"widget\" data-widget_type=\"divider.default\">\n\t\t\t\t<div class=\"elementor-widget-container\">\n\t\t\t\t\t<div class=\"elementor-divider\">\n\t\t\t<span class=\"elementor-divider-separator\">\n\t\t\t\t\t\t<\/span>\n\t\t<\/div>\n\t\t\t\t<\/div>\n\t\t\t\t<\/div>\n\t\t\t\t\t<\/div>\n\t\t<\/div>\n\t\t\t\t\t<\/div>\n\t\t<\/section>\n\t\t\t\t<section class=\"elementor-section elementor-top-section elementor-element elementor-element-12c9cfc elementor-section-boxed elementor-section-height-default elementor-section-height-default\" data-id=\"12c9cfc\" data-element_type=\"section\">\n\t\t\t\t\t\t<div class=\"elementor-container elementor-column-gap-default\">\n\t\t\t\t\t<div class=\"elementor-column elementor-col-100 elementor-top-column elementor-element elementor-element-68a77b2\" data-id=\"68a77b2\" data-element_type=\"column\">\n\t\t\t<div class=\"elementor-widget-wrap elementor-element-populated\">\n\t\t\t\t\t\t<div class=\"elementor-element elementor-element-149b547 elementor-widget elementor-widget-text-editor\" data-id=\"149b547\" data-element_type=\"widget\" data-widget_type=\"text-editor.default\">\n\t\t\t\t<div class=\"elementor-widget-container\">\n\t\t\t\t\t\t\t<p>Bei Mitwill Textiles Europe setzen wir uns leidenschaftlich f\u00fcr Innovationen im Textilbereich ein. Entdecken Sie in diesen franz\u00f6sischen Presseartikeln, wie wir Kreativit\u00e4t und Nachhaltigkeit verbinden, um L\u00f6sungen anzubieten, die die Zukunft unserer Branche pr\u00e4gen. Die Ver\u00f6ffentlichungen veranschaulichen unseren Ansatz und die Projekte, die uns zu einem wichtigen Akteur in der Textilbranche machen.  <\/p>\n\t\t\t\t\t\t<\/div>\n\t\t\t\t<\/div>\n\t\t\t\t\t<\/div>\n\t\t<\/div>\n\t\t\t\t\t<\/div>\n\t\t<\/section>\n\t\t\t\t<section class=\"elementor-section elementor-top-section elementor-element elementor-element-e6d4aa3 elementor-section-boxed elementor-section-height-default elementor-section-height-default\" data-id=\"e6d4aa3\" data-element_type=\"section\">\n\t\t\t\t\t\t<div class=\"elementor-container elementor-column-gap-default\">\n\t\t\t\t\t<div class=\"elementor-column elementor-col-100 elementor-top-column elementor-element elementor-element-156e6ce\" data-id=\"156e6ce\" data-element_type=\"column\">\n\t\t\t<div class=\"elementor-widget-wrap elementor-element-populated\">\n\t\t\t\t\t\t<div class=\"elementor-element elementor-element-c2822ca elementor-widget elementor-widget-shortcode\" data-id=\"c2822ca\" data-element_type=\"widget\" data-widget_type=\"shortcode.default\">\n\t\t\t\t<div class=\"elementor-widget-container\">\n\t\t\t\t\t<div class=\"elementor-shortcode\"><div style=\"max-width: 800px; margin: 30px auto; background: #fff; border-radius: 10px; box-shadow: 0 4px 12px rgba(0,0,0,0.05); padding: 20px; display: flex; gap: 20px;\">\n  <!-- Colonne gauche : ic\u00f4ne PDF -->\n  <div style=\"flex-shrink: 0;\">\n    <span style=\"font-size: 40px;\">\ud83d\udcc4<\/span>\n  <\/div>\n\n  <!-- Colonne droite : contenu de l\u2019article -->\n  <div>\n    <p style=\"margin: 0; font-size: 14px; color: #888; font-family: 'Poppins';\">\ud83d\udcc5 Januar 2025<\/p>\n    <h3 style=\"margin: 5px 0 10px; font-family: 'Poppins';\">Point \u00c9co Alsace<\/h3>\n    <p style=\"margin: 0; font-family: 'Poppins'; font-style: italic; color: #555\">Le design fait bonne impression \u00e0 Sausheim<\/p>\n    <p style=\"margin-top: 10px; font-family: 'Poppins';\">Ein von der Els\u00e4sser Industrie- und Handelskammer ver\u00f6ffentlichter Artikel \u00fcber unser Engagement f\u00fcr textile Nachhaltigkeit und lokale Innovation.<\/p>\n    <iframe src=\"https:\/\/printcubator.net\/wp-content\/uploads\/2025\/04\/presse-PointEco-5.pdf\" width=\"100%\" height=\"600px\" style=\"border-radius: 12px; box-shadow: 0 4px 20px rgba(0, 0, 0, 0.15);\"><\/iframe>\n  <\/div>\n<\/div>\n<\/div>\n\t\t\t\t<\/div>\n\t\t\t\t<\/div>\n\t\t\t\t\t<\/div>\n\t\t<\/div>\n\t\t\t\t\t<\/div>\n\t\t<\/section>\n\t\t\t\t<section class=\"elementor-section elementor-top-section elementor-element elementor-element-0f684b1 elementor-section-boxed elementor-section-height-default elementor-section-height-default\" data-id=\"0f684b1\" data-element_type=\"section\">\n\t\t\t\t\t\t<div class=\"elementor-container elementor-column-gap-default\">\n\t\t\t\t\t<div class=\"elementor-column elementor-col-100 elementor-top-column elementor-element elementor-element-faa869c\" data-id=\"faa869c\" data-element_type=\"column\">\n\t\t\t<div class=\"elementor-widget-wrap elementor-element-populated\">\n\t\t\t\t\t\t<div class=\"elementor-element elementor-element-866e0e4 elementor-widget elementor-widget-shortcode\" data-id=\"866e0e4\" data-element_type=\"widget\" data-widget_type=\"shortcode.default\">\n\t\t\t\t<div class=\"elementor-widget-container\">\n\t\t\t\t\t<div class=\"elementor-shortcode\"><div style=\"max-width: 800px; margin: 30px auto; background: #fff; border-radius: 10px; box-shadow: 0 4px 12px rgba(0,0,0,0.1); padding: 30px; display: flex; gap: 20px; align-items: flex-start;\">\n  <!-- Colonne gauche : ic\u00f4ne presse ou logo -->\n  <div style=\"flex-shrink: 0; width: 60px;\">\n    <!-- Remplace l'emoji par une image si tu as un logo -->\n    <img decoding=\"async\" src=\"data:image\/png;base64,iVBORw0KGgoAAAANSUhEUgAAABwAAAAcCAMAAABF0y+mAAAATlBMVEVHcEz\/\/\/\/\/\/\/\/\/\/\/\/\/\/\/\/\/\/\/\/\/\/\/\/\/\/\/\/\/\/\/\/\/\/\/\/iAAD\/\/\/\/ugYToR0viAAf1vb7ujI3wmJrzqKrpWl3lJiz+9fX86OnraGv4zM3jDxZhB88gAAAACnRSTlMAgO9dn5Pb58FJ94i5TQAAALRJREFUKJHFk8kSgyAQRMmmSY+ACC75\/x9No+hB0MollT4MBW+2mhqUUq+nFFRfFHUvoaiKcUdM5KGKOZNU\/SfYAE28OKATUDvYynIOE4yBLUCNICNgMBZg4CtMeBv0OfTaWsDxanMYOTDRwefdivQsOJthg9a51F\/H946N0eRD8ISBLtAbdHrRGBN63Q8p71pzlrcpJLDnPWzWYpxj+GrwP4CnC3a6msdLXceVv1UldOV3+AAsaCIkeT57VAAAAABJRU5ErkJggg==\" alt=\"Logo Presse\" style=\"width: 100%; border-radius: 6px;\">\n  <\/div>\n\n  <!-- Colonne droite : contenu de l\u2019article -->\n  <div style=\"flex-grow: 1;\">\n    <p style=\"margin: 0; font-family: 'Poppins'; font-size: 14px; color: #888;\">\ud83d\udcc5 27 September 2024<\/p>\n    <h3 style=\"margin: 5px 0 10px; font-family: 'Poppins';\">L\u2019Alsace<\/h3>\n    <p style=\"margin: 0; font-family: 'Poppins'; font-style: italic; font-size: 16px; color: #555;\">Mitwill, ein Textilunternehmen an der Spitze von Design und Druck<\/p>\n    <p style=\"margin-top: 10px; font-family: 'Poppins';\">Ein Artikel aus L'Alsace, der unsere Expertise im Textildesign und unsere Innovationen im hochwertigen Druck hervorhebt.<\/p>\n    \n    <a href=\"https:\/\/www.lalsace.fr\/economie\/2024\/09\/27\/mitwill-une-entreprise-textile-a-la-pointe-du-design-et-de-l-impression\" target=\"_blank\" style=\"display: inline-block; margin-top: 15px; padding: 10px 20px; background: #ff6600; color: white; text-decoration: none; border-radius: 6px; font-size: 16px; font-weight: bold; transition: background 0.3s ease; font-family: 'Poppins';\">\n Lesen Sie den Artikel\n    <\/a>\n  <\/div>\n<\/div>\n<\/div>\n\t\t\t\t<\/div>\n\t\t\t\t<\/div>\n\t\t\t\t<div class=\"elementor-element elementor-element-05731fd elementor-widget elementor-widget-shortcode\" data-id=\"05731fd\" data-element_type=\"widget\" data-widget_type=\"shortcode.default\">\n\t\t\t\t<div class=\"elementor-widget-container\">\n\t\t\t\t\t<div class=\"elementor-shortcode\"><div style=\"max-width: 800px; margin: 30px auto; background: #fff; border-radius: 10px; box-shadow: 0 4px 12px rgba(0,0,0,0.1); padding: 30px; display: flex; gap: 20px; align-items: flex-start;\" class=\"article-presse\">\n  <!-- Colonne gauche : emoji presse -->\n  <div style=\"flex-shrink: 0; width: 60px; font-size: 36px; text-align: center;\">\n \ud83d\udcf0\n  <\/div>\n\n  <!-- Colonne droite : contenu de l\u2019article -->\n  <div style=\"flex-grow: 1;\">\n    <p style=\"margin: 0; font-family: 'Poppins'; font-size: 14px; color: #888;\">\ud83d\udcc5 8 Juni 2023<\/p>\n    <h3 style=\"margin: 5px 0 10px; font-family: 'Poppins';\">Les \u00c9chos<\/h3>\n    <p style=\"margin: 0; font-family: 'Poppins'; font-style: italic; font-size: 16px; color: #555;\">\n Mitwill Textiles Europe : l\u2019UE fait la force\n    <\/p>\n    <p style=\"margin-top: 10px; font-family: 'Poppins';\">\nEin von Les \u00c9chos in Zusammenarbeit mit Bpifrance ver\u00f6ffentlichter Artikel, der die europ\u00e4ische Rolle von Mitwill bei der digitalen und \u00f6kologischen Transformation der Textilindustrie hervorhebt.\n    <\/p>\n    \n    <a href=\"https:\/\/www.lesechos.fr\/partenaires\/bpifrance\/mitwill-textiles-europe-lue-fait-la-force-1950351\" target=\"_blank\" rel=\"noopener noreferrer\" style=\"display: inline-block; margin-top: 15px; padding: 10px 20px; background: #ff6600; color: white; text-decoration: none; border-radius: 6px; font-size: 16px; font-weight: bold; transition: background 0.3s ease; font-family: 'Poppins';\">\n Lesen Sie den Artikel\n    <\/a>\n  <\/div>\n<\/div>\n<\/div>\n\t\t\t\t<\/div>\n\t\t\t\t<\/div>\n\t\t\t\t\t<\/div>\n\t\t<\/div>\n\t\t\t\t\t<\/div>\n\t\t<\/section>\n\t\t\t\t<section class=\"elementor-section elementor-top-section elementor-element elementor-element-5923e8c elementor-section-boxed elementor-section-height-default elementor-section-height-default\" data-id=\"5923e8c\" data-element_type=\"section\">\n\t\t\t\t\t\t<div class=\"elementor-container elementor-column-gap-default\">\n\t\t\t\t\t<div class=\"elementor-column elementor-col-100 elementor-top-column elementor-element elementor-element-91eaf3c\" data-id=\"91eaf3c\" data-element_type=\"column\">\n\t\t\t<div class=\"elementor-widget-wrap\">\n\t\t\t\t\t\t\t<\/div>\n\t\t<\/div>\n\t\t\t\t\t<\/div>\n\t\t<\/section>\n\t\t\t\t<\/div>\n\t\t","protected":false},"excerpt":{"rendered":"<p>Merken Sie sich den Termin vor! Premi\u00e8re Vision Paris kehrt zu ihrem historischen Termin zur\u00fcck \u2013 besuchen Sie uns vom 16. bis 18. September 2025 f\u00fcr drei inspirierende Tage im Herzen der Modeinnovation. In dieser Saison steht die Messe ganz im Zeichen von Innovation und Technologie. Sie wird zu einem strategischen Knotenpunkt f\u00fcr die Entdeckung [&hellip;]<\/p>\n","protected":false},"author":1,"featured_media":0,"parent":0,"menu_order":0,"comment_status":"closed","ping_status":"closed","template":"","meta":{"footnotes":""},"class_list":["post-13195","page","type-page","status-publish","hentry"],"yoast_head":"<!-- This site is optimized with the Yoast SEO plugin v23.4 - https:\/\/yoast.com\/wordpress\/plugins\/seo\/ -->\n<title>Presse &amp; Veranstaltungen | mitwilltextiles.com<\/title>\n<meta name=\"robots\" content=\"index, follow, max-snippet:-1, max-image-preview:large, max-video-preview:-1\" \/>\n<link rel=\"canonical\" href=\"https:\/\/mitwilltextiles.com\/de\/presse-veranstaltungen\/\" \/>\n<meta property=\"og:locale\" content=\"de_DE\" \/>\n<meta property=\"og:type\" content=\"article\" \/>\n<meta property=\"og:title\" content=\"Presse &amp; Veranstaltungen | mitwilltextiles.com\" \/>\n<meta property=\"og:description\" content=\"Merken Sie sich den Termin vor! Premi\u00e8re Vision Paris kehrt zu ihrem historischen Termin zur\u00fcck \u2013 besuchen Sie uns vom 16. bis 18. September 2025 f\u00fcr drei inspirierende Tage im Herzen der Modeinnovation. In dieser Saison steht die Messe ganz im Zeichen von Innovation und Technologie. Sie wird zu einem strategischen Knotenpunkt f\u00fcr die Entdeckung [&hellip;]\" \/>\n<meta property=\"og:url\" content=\"https:\/\/mitwilltextiles.com\/de\/presse-veranstaltungen\/\" \/>\n<meta property=\"og:site_name\" content=\"mitwilltextiles.com\" \/>\n<meta property=\"article:publisher\" content=\"https:\/\/www.facebook.com\/people\/Mitwill-Textiles\/100083273555662\/\" \/>\n<meta property=\"article:modified_time\" content=\"2025-05-12T12:26:40+00:00\" \/>\n<meta property=\"og:image\" content=\"https:\/\/mitwilltextiles.com\/wp-content\/uploads\/2025\/04\/pv-paris.png\" \/>\n<meta name=\"twitter:card\" content=\"summary_large_image\" \/>\n<meta name=\"twitter:label1\" content=\"Gesch\u00e4tzte Lesezeit\" \/>\n\t<meta name=\"twitter:data1\" content=\"1\u00a0Minute\" \/>\n<script type=\"application\/ld+json\" class=\"yoast-schema-graph\">{\"@context\":\"https:\/\/schema.org\",\"@graph\":[{\"@type\":\"WebPage\",\"@id\":\"https:\/\/mitwilltextiles.com\/de\/presse-veranstaltungen\/\",\"url\":\"https:\/\/mitwilltextiles.com\/de\/presse-veranstaltungen\/\",\"name\":\"Presse &amp; Veranstaltungen | mitwilltextiles.com\",\"isPartOf\":{\"@id\":\"https:\/\/mitwilltextiles.com\/it\/#website\"},\"primaryImageOfPage\":{\"@id\":\"https:\/\/mitwilltextiles.com\/de\/presse-veranstaltungen\/#primaryimage\"},\"image\":{\"@id\":\"https:\/\/mitwilltextiles.com\/de\/presse-veranstaltungen\/#primaryimage\"},\"thumbnailUrl\":\"https:\/\/mitwilltextiles.com\/wp-content\/uploads\/2025\/04\/pv-paris.png\",\"datePublished\":\"2025-04-17T07:55:32+00:00\",\"dateModified\":\"2025-05-12T12:26:40+00:00\",\"breadcrumb\":{\"@id\":\"https:\/\/mitwilltextiles.com\/de\/presse-veranstaltungen\/#breadcrumb\"},\"inLanguage\":\"de\",\"potentialAction\":[{\"@type\":\"ReadAction\",\"target\":[\"https:\/\/mitwilltextiles.com\/de\/presse-veranstaltungen\/\"]}]},{\"@type\":\"ImageObject\",\"inLanguage\":\"de\",\"@id\":\"https:\/\/mitwilltextiles.com\/de\/presse-veranstaltungen\/#primaryimage\",\"url\":\"https:\/\/mitwilltextiles.com\/wp-content\/uploads\/2025\/04\/pv-paris.png\",\"contentUrl\":\"https:\/\/mitwilltextiles.com\/wp-content\/uploads\/2025\/04\/pv-paris.png\"},{\"@type\":\"BreadcrumbList\",\"@id\":\"https:\/\/mitwilltextiles.com\/de\/presse-veranstaltungen\/#breadcrumb\",\"itemListElement\":[{\"@type\":\"ListItem\",\"position\":1,\"name\":\"Home\",\"item\":\"https:\/\/mitwilltextiles.com\/de\/\"},{\"@type\":\"ListItem\",\"position\":2,\"name\":\"Presse &amp; Veranstaltungen\"}]},{\"@type\":\"WebSite\",\"@id\":\"https:\/\/mitwilltextiles.com\/it\/#website\",\"url\":\"https:\/\/mitwilltextiles.com\/it\/\",\"name\":\"Mitwill Textiles\",\"description\":\"\",\"publisher\":{\"@id\":\"https:\/\/mitwilltextiles.com\/it\/#organization\"},\"potentialAction\":[{\"@type\":\"SearchAction\",\"target\":{\"@type\":\"EntryPoint\",\"urlTemplate\":\"https:\/\/mitwilltextiles.com\/it\/?s={search_term_string}\"},\"query-input\":{\"@type\":\"PropertyValueSpecification\",\"valueRequired\":true,\"valueName\":\"search_term_string\"}}],\"inLanguage\":\"de\"},{\"@type\":\"Organization\",\"@id\":\"https:\/\/mitwilltextiles.com\/it\/#organization\",\"name\":\"Mitwill Textiles Europe\",\"url\":\"https:\/\/mitwilltextiles.com\/it\/\",\"logo\":{\"@type\":\"ImageObject\",\"inLanguage\":\"de\",\"@id\":\"https:\/\/mitwilltextiles.com\/it\/#\/schema\/logo\/image\/\",\"url\":\"https:\/\/mitwilltextiles.com\/wp-content\/uploads\/2024\/07\/logo.jpg\",\"contentUrl\":\"https:\/\/mitwilltextiles.com\/wp-content\/uploads\/2024\/07\/logo.jpg\",\"width\":150,\"height\":150,\"caption\":\"Mitwill Textiles Europe\"},\"image\":{\"@id\":\"https:\/\/mitwilltextiles.com\/it\/#\/schema\/logo\/image\/\"},\"sameAs\":[\"https:\/\/www.facebook.com\/people\/Mitwill-Textiles\/100083273555662\/\",\"https:\/\/www.instagram.com\/mitwilltextiles\/\"]}]}<\/script>\n<!-- \/ Yoast SEO plugin. -->","yoast_head_json":{"title":"Presse &amp; Veranstaltungen | mitwilltextiles.com","robots":{"index":"index","follow":"follow","max-snippet":"max-snippet:-1","max-image-preview":"max-image-preview:large","max-video-preview":"max-video-preview:-1"},"canonical":"https:\/\/mitwilltextiles.com\/de\/presse-veranstaltungen\/","og_locale":"de_DE","og_type":"article","og_title":"Presse &amp; Veranstaltungen | mitwilltextiles.com","og_description":"Merken Sie sich den Termin vor! Premi\u00e8re Vision Paris kehrt zu ihrem historischen Termin zur\u00fcck \u2013 besuchen Sie uns vom 16. bis 18. September 2025 f\u00fcr drei inspirierende Tage im Herzen der Modeinnovation. In dieser Saison steht die Messe ganz im Zeichen von Innovation und Technologie. Sie wird zu einem strategischen Knotenpunkt f\u00fcr die Entdeckung [&hellip;]","og_url":"https:\/\/mitwilltextiles.com\/de\/presse-veranstaltungen\/","og_site_name":"mitwilltextiles.com","article_publisher":"https:\/\/www.facebook.com\/people\/Mitwill-Textiles\/100083273555662\/","article_modified_time":"2025-05-12T12:26:40+00:00","og_image":[{"url":"https:\/\/mitwilltextiles.com\/wp-content\/uploads\/2025\/04\/pv-paris.png"}],"twitter_card":"summary_large_image","twitter_misc":{"Gesch\u00e4tzte Lesezeit":"1\u00a0Minute"},"schema":{"@context":"https:\/\/schema.org","@graph":[{"@type":"WebPage","@id":"https:\/\/mitwilltextiles.com\/de\/presse-veranstaltungen\/","url":"https:\/\/mitwilltextiles.com\/de\/presse-veranstaltungen\/","name":"Presse &amp; Veranstaltungen | mitwilltextiles.com","isPartOf":{"@id":"https:\/\/mitwilltextiles.com\/it\/#website"},"primaryImageOfPage":{"@id":"https:\/\/mitwilltextiles.com\/de\/presse-veranstaltungen\/#primaryimage"},"image":{"@id":"https:\/\/mitwilltextiles.com\/de\/presse-veranstaltungen\/#primaryimage"},"thumbnailUrl":"https:\/\/mitwilltextiles.com\/wp-content\/uploads\/2025\/04\/pv-paris.png","datePublished":"2025-04-17T07:55:32+00:00","dateModified":"2025-05-12T12:26:40+00:00","breadcrumb":{"@id":"https:\/\/mitwilltextiles.com\/de\/presse-veranstaltungen\/#breadcrumb"},"inLanguage":"de","potentialAction":[{"@type":"ReadAction","target":["https:\/\/mitwilltextiles.com\/de\/presse-veranstaltungen\/"]}]},{"@type":"ImageObject","inLanguage":"de","@id":"https:\/\/mitwilltextiles.com\/de\/presse-veranstaltungen\/#primaryimage","url":"https:\/\/mitwilltextiles.com\/wp-content\/uploads\/2025\/04\/pv-paris.png","contentUrl":"https:\/\/mitwilltextiles.com\/wp-content\/uploads\/2025\/04\/pv-paris.png"},{"@type":"BreadcrumbList","@id":"https:\/\/mitwilltextiles.com\/de\/presse-veranstaltungen\/#breadcrumb","itemListElement":[{"@type":"ListItem","position":1,"name":"Home","item":"https:\/\/mitwilltextiles.com\/de\/"},{"@type":"ListItem","position":2,"name":"Presse &amp; Veranstaltungen"}]},{"@type":"WebSite","@id":"https:\/\/mitwilltextiles.com\/it\/#website","url":"https:\/\/mitwilltextiles.com\/it\/","name":"Mitwill Textiles","description":"","publisher":{"@id":"https:\/\/mitwilltextiles.com\/it\/#organization"},"potentialAction":[{"@type":"SearchAction","target":{"@type":"EntryPoint","urlTemplate":"https:\/\/mitwilltextiles.com\/it\/?s={search_term_string}"},"query-input":{"@type":"PropertyValueSpecification","valueRequired":true,"valueName":"search_term_string"}}],"inLanguage":"de"},{"@type":"Organization","@id":"https:\/\/mitwilltextiles.com\/it\/#organization","name":"Mitwill Textiles Europe","url":"https:\/\/mitwilltextiles.com\/it\/","logo":{"@type":"ImageObject","inLanguage":"de","@id":"https:\/\/mitwilltextiles.com\/it\/#\/schema\/logo\/image\/","url":"https:\/\/mitwilltextiles.com\/wp-content\/uploads\/2024\/07\/logo.jpg","contentUrl":"https:\/\/mitwilltextiles.com\/wp-content\/uploads\/2024\/07\/logo.jpg","width":150,"height":150,"caption":"Mitwill Textiles Europe"},"image":{"@id":"https:\/\/mitwilltextiles.com\/it\/#\/schema\/logo\/image\/"},"sameAs":["https:\/\/www.facebook.com\/people\/Mitwill-Textiles\/100083273555662\/","https:\/\/www.instagram.com\/mitwilltextiles\/"]}]}},"_links":{"self":[{"href":"https:\/\/mitwilltextiles.com\/de\/wp-json\/wp\/v2\/pages\/13195"}],"collection":[{"href":"https:\/\/mitwilltextiles.com\/de\/wp-json\/wp\/v2\/pages"}],"about":[{"href":"https:\/\/mitwilltextiles.com\/de\/wp-json\/wp\/v2\/types\/page"}],"author":[{"embeddable":true,"href":"https:\/\/mitwilltextiles.com\/de\/wp-json\/wp\/v2\/users\/1"}],"replies":[{"embeddable":true,"href":"https:\/\/mitwilltextiles.com\/de\/wp-json\/wp\/v2\/comments?post=13195"}],"version-history":[{"count":1,"href":"https:\/\/mitwilltextiles.com\/de\/wp-json\/wp\/v2\/pages\/13195\/revisions"}],"predecessor-version":[{"id":13196,"href":"https:\/\/mitwilltextiles.com\/de\/wp-json\/wp\/v2\/pages\/13195\/revisions\/13196"}],"wp:attachment":[{"href":"https:\/\/mitwilltextiles.com\/de\/wp-json\/wp\/v2\/media?parent=13195"}],"curies":[{"name":"wp","href":"https:\/\/api.w.org\/{rel}","templated":true}]}}