{"id":13193,"date":"2025-04-17T07:55:32","date_gmt":"2025-04-17T07:55:32","guid":{"rendered":"https:\/\/mitwilltextiles.com\/presse-evenements\/"},"modified":"2025-05-12T12:15:18","modified_gmt":"2025-05-12T12:15:18","slug":"presse-evenements","status":"publish","type":"page","link":"https:\/\/mitwilltextiles.com\/fr\/presse-evenements\/","title":{"rendered":"Presse &amp; \u00e9v\u00e9nements"},"content":{"rendered":"\t\t<div data-elementor-type=\"wp-page\" data-elementor-id=\"13193\" class=\"elementor elementor-13193 elementor-13043\" data-elementor-post-type=\"page\">\n\t\t\t\t\t\t<section class=\"elementor-section elementor-top-section elementor-element elementor-element-fb395dc elementor-section-boxed elementor-section-height-default elementor-section-height-default\" data-id=\"fb395dc\" data-element_type=\"section\">\n\t\t\t\t\t\t<div class=\"elementor-container elementor-column-gap-default\">\n\t\t\t\t\t<div class=\"elementor-column elementor-col-100 elementor-top-column elementor-element elementor-element-b79dc7a\" data-id=\"b79dc7a\" data-element_type=\"column\">\n\t\t\t<div class=\"elementor-widget-wrap elementor-element-populated\">\n\t\t\t\t\t\t<div class=\"elementor-element elementor-element-cff8798 elementor-widget elementor-widget-text-editor\" data-id=\"cff8798\" data-element_type=\"widget\" data-widget_type=\"text-editor.default\">\n\t\t\t\t<div class=\"elementor-widget-container\">\n\t\t\t\t\t\t\t<p>\u00c0 vos agendas ! Premi\u00e8re Vision Paris revient \u00e0 ses dates historiques : retrouvez-nous <strong>du 16 au 18 septembre 2025<\/strong> pour trois jours d\u2019inspiration au c\u0153ur de l\u2019innovation mode. <\/p>\n<p>Cette saison, le salon met \u00e0 l\u2019honneur l\u2019innovation et la technologie et devient un hub strat\u00e9gique pour d\u00e9couvrir les tendances <strong>Automne-Hiver 26-27<\/strong> et construire une mode performante, engag\u00e9e et durable.<\/p>\n\t\t\t\t\t\t<\/div>\n\t\t\t\t<\/div>\n\t\t\t\t\t<\/div>\n\t\t<\/div>\n\t\t\t\t\t<\/div>\n\t\t<\/section>\n\t\t\t\t<section class=\"elementor-section elementor-top-section elementor-element elementor-element-ca2d0a3 elementor-section-boxed elementor-section-height-default elementor-section-height-default\" data-id=\"ca2d0a3\" data-element_type=\"section\">\n\t\t\t\t\t\t<div class=\"elementor-container elementor-column-gap-default\">\n\t\t\t\t\t<div class=\"elementor-column elementor-col-100 elementor-top-column elementor-element elementor-element-e9a1e48\" data-id=\"e9a1e48\" data-element_type=\"column\">\n\t\t\t<div class=\"elementor-widget-wrap elementor-element-populated\">\n\t\t\t\t\t\t<div class=\"elementor-element elementor-element-4aa8adb elementor-widget elementor-widget-image\" data-id=\"4aa8adb\" data-element_type=\"widget\" data-widget_type=\"image.default\">\n\t\t\t\t<div class=\"elementor-widget-container\">\n\t\t\t\t\t\t\t\t\t\t\t\t\t<img fetchpriority=\"high\" decoding=\"async\" width=\"600\" height=\"300\" src=\"https:\/\/mitwilltextiles.com\/wp-content\/uploads\/2025\/04\/pv-paris.png\" class=\"attachment-large size-large wp-image-13153\" alt=\"\" srcset=\"https:\/\/mitwilltextiles.com\/wp-content\/uploads\/2025\/04\/pv-paris.png 600w, https:\/\/mitwilltextiles.com\/wp-content\/uploads\/2025\/04\/pv-paris-300x150.png 300w\" sizes=\"(max-width: 600px) 100vw, 600px\" \/>\t\t\t\t\t\t\t\t\t\t\t\t\t<\/div>\n\t\t\t\t<\/div>\n\t\t\t\t\t<\/div>\n\t\t<\/div>\n\t\t\t\t\t<\/div>\n\t\t<\/section>\n\t\t\t\t<section class=\"elementor-section elementor-top-section elementor-element elementor-element-6c3183d elementor-section-boxed elementor-section-height-default elementor-section-height-default\" data-id=\"6c3183d\" data-element_type=\"section\">\n\t\t\t\t\t\t<div class=\"elementor-container elementor-column-gap-default\">\n\t\t\t\t\t<div class=\"elementor-column elementor-col-100 elementor-top-column elementor-element elementor-element-3753a1d\" data-id=\"3753a1d\" data-element_type=\"column\">\n\t\t\t<div class=\"elementor-widget-wrap elementor-element-populated\">\n\t\t\t\t\t\t<div class=\"elementor-element elementor-element-a624ab2 elementor-widget-divider--view-line elementor-widget elementor-widget-divider\" data-id=\"a624ab2\" data-element_type=\"widget\" data-widget_type=\"divider.default\">\n\t\t\t\t<div class=\"elementor-widget-container\">\n\t\t\t\t\t<div class=\"elementor-divider\">\n\t\t\t<span class=\"elementor-divider-separator\">\n\t\t\t\t\t\t<\/span>\n\t\t<\/div>\n\t\t\t\t<\/div>\n\t\t\t\t<\/div>\n\t\t\t\t\t<\/div>\n\t\t<\/div>\n\t\t\t\t\t<\/div>\n\t\t<\/section>\n\t\t\t\t<section class=\"elementor-section elementor-top-section elementor-element elementor-element-12c9cfc elementor-section-boxed elementor-section-height-default elementor-section-height-default\" data-id=\"12c9cfc\" data-element_type=\"section\">\n\t\t\t\t\t\t<div class=\"elementor-container elementor-column-gap-default\">\n\t\t\t\t\t<div class=\"elementor-column elementor-col-100 elementor-top-column elementor-element elementor-element-68a77b2\" data-id=\"68a77b2\" data-element_type=\"column\">\n\t\t\t<div class=\"elementor-widget-wrap elementor-element-populated\">\n\t\t\t\t\t\t<div class=\"elementor-element elementor-element-149b547 elementor-widget elementor-widget-text-editor\" data-id=\"149b547\" data-element_type=\"widget\" data-widget_type=\"text-editor.default\">\n\t\t\t\t<div class=\"elementor-widget-container\">\n\t\t\t\t\t\t\t<p>Chez Mitwill Textiles Europe, nous sommes passionn\u00e9s par l\u2019innovation dans le textile. \u00c0 travers ces articles de presse, d\u00e9couvrez comment nous allions cr\u00e9ativit\u00e9 et durabilit\u00e9 pour offrir des solutions qui marquent l\u2019avenir de notre industrie. Ces publications illustrent notre d\u00e9marche et les projets qui font de nous un acteur cl\u00e9 du secteur textile.  <\/p>\n\t\t\t\t\t\t<\/div>\n\t\t\t\t<\/div>\n\t\t\t\t\t<\/div>\n\t\t<\/div>\n\t\t\t\t\t<\/div>\n\t\t<\/section>\n\t\t\t\t<section class=\"elementor-section elementor-top-section elementor-element elementor-element-e6d4aa3 elementor-section-boxed elementor-section-height-default elementor-section-height-default\" data-id=\"e6d4aa3\" data-element_type=\"section\">\n\t\t\t\t\t\t<div class=\"elementor-container elementor-column-gap-default\">\n\t\t\t\t\t<div class=\"elementor-column elementor-col-100 elementor-top-column elementor-element elementor-element-156e6ce\" data-id=\"156e6ce\" data-element_type=\"column\">\n\t\t\t<div class=\"elementor-widget-wrap elementor-element-populated\">\n\t\t\t\t\t\t<div class=\"elementor-element elementor-element-c2822ca elementor-widget elementor-widget-shortcode\" data-id=\"c2822ca\" data-element_type=\"widget\" data-widget_type=\"shortcode.default\">\n\t\t\t\t<div class=\"elementor-widget-container\">\n\t\t\t\t\t<div class=\"elementor-shortcode\"><div style=\"max-width: 800px; margin: 30px auto; background: #fff; border-radius: 10px; box-shadow: 0 4px 12px rgba(0,0,0,0.05); padding: 20px; display: flex; gap: 20px;\">\n  <!-- Colonne gauche : ic\u00f4ne PDF -->\n  <div style=\"flex-shrink: 0;\">\n    <span style=\"font-size: 40px;\">\ud83d\udcc4<\/span>\n  <\/div>\n\n  <!-- Colonne droite : contenu de l\u2019article -->\n  <div>\n    <p style=\"margin: 0; font-size: 14px; color: #888; font-family: 'Poppins';\">\ud83d\udcc5 Janvier 2025<\/p>\n    <h3 style=\"margin: 5px 0 10px; font-family: 'Poppins';\">Point \u00c9co Alsace<\/h3>\n    <p style=\"margin: 0; font-family: 'Poppins'; font-style: italic; color: #555\">Le design fait bonne impression \u00e0 Sausheim<\/p>\n    <p style=\"margin-top: 10px; font-family: 'Poppins';\">Un article publi\u00e9 par la CCI Alsace sur notre engagement en mati\u00e8re de durabilit\u00e9 textile et d\u2019innovation locale.<\/p>\n    <iframe src=\"https:\/\/printcubator.net\/wp-content\/uploads\/2025\/04\/presse-PointEco-5.pdf\" width=\"100%\" height=\"600px\" style=\"border-radius: 12px; box-shadow: 0 4px 20px rgba(0, 0, 0, 0.15);\"><\/iframe>\n  <\/div>\n<\/div>\n<\/div>\n\t\t\t\t<\/div>\n\t\t\t\t<\/div>\n\t\t\t\t\t<\/div>\n\t\t<\/div>\n\t\t\t\t\t<\/div>\n\t\t<\/section>\n\t\t\t\t<section class=\"elementor-section elementor-top-section elementor-element elementor-element-0f684b1 elementor-section-boxed elementor-section-height-default elementor-section-height-default\" data-id=\"0f684b1\" data-element_type=\"section\">\n\t\t\t\t\t\t<div class=\"elementor-container elementor-column-gap-default\">\n\t\t\t\t\t<div class=\"elementor-column elementor-col-100 elementor-top-column elementor-element elementor-element-faa869c\" data-id=\"faa869c\" data-element_type=\"column\">\n\t\t\t<div class=\"elementor-widget-wrap elementor-element-populated\">\n\t\t\t\t\t\t<div class=\"elementor-element elementor-element-866e0e4 elementor-widget elementor-widget-shortcode\" data-id=\"866e0e4\" data-element_type=\"widget\" data-widget_type=\"shortcode.default\">\n\t\t\t\t<div class=\"elementor-widget-container\">\n\t\t\t\t\t<div class=\"elementor-shortcode\"><div style=\"max-width: 800px; margin: 30px auto; background: #fff; border-radius: 10px; box-shadow: 0 4px 12px rgba(0,0,0,0.1); padding: 30px; display: flex; gap: 20px; align-items: flex-start;\">\n  <!-- Colonne gauche : ic\u00f4ne presse ou logo -->\n  <div style=\"flex-shrink: 0; width: 60px;\">\n    <!-- Remplace l'emoji par une image si tu as un logo -->\n    <img decoding=\"async\" src=\"data:image\/png;base64,iVBORw0KGgoAAAANSUhEUgAAABwAAAAcCAMAAABF0y+mAAAATlBMVEVHcEz\/\/\/\/\/\/\/\/\/\/\/\/\/\/\/\/\/\/\/\/\/\/\/\/\/\/\/\/\/\/\/\/\/\/\/\/iAAD\/\/\/\/ugYToR0viAAf1vb7ujI3wmJrzqKrpWl3lJiz+9fX86OnraGv4zM3jDxZhB88gAAAACnRSTlMAgO9dn5Pb58FJ94i5TQAAALRJREFUKJHFk8kSgyAQRMmmSY+ACC75\/x9No+hB0MollT4MBW+2mhqUUq+nFFRfFHUvoaiKcUdM5KGKOZNU\/SfYAE28OKATUDvYynIOE4yBLUCNICNgMBZg4CtMeBv0OfTaWsDxanMYOTDRwefdivQsOJthg9a51F\/H946N0eRD8ISBLtAbdHrRGBN63Q8p71pzlrcpJLDnPWzWYpxj+GrwP4CnC3a6msdLXceVv1UldOV3+AAsaCIkeT57VAAAAABJRU5ErkJggg==\" alt=\"Logo Presse\" style=\"width: 100%; border-radius: 6px;\">\n  <\/div>\n\n  <!-- Colonne droite : contenu de l\u2019article -->\n  <div style=\"flex-grow: 1;\">\n    <p style=\"margin: 0; font-family: 'Poppins'; font-size: 14px; color: #888;\">\ud83d\udcc5 27 Septembre 2024<\/p>\n    <h3 style=\"margin: 5px 0 10px; font-family: 'Poppins';\">L\u2019Alsace<\/h3>\n    <p style=\"margin: 0; font-family: 'Poppins'; font-style: italic; font-size: 16px; color: #555;\">Mitwill, une entreprise textile \u00e0 la pointe du design et de l'impression<\/p>\n    <p style=\"margin-top: 10px; font-family: 'Poppins';\">Un article de L'Alsace mettant en avant notre expertise en design textile et notre innovation dans l\u2019impression de qualit\u00e9 sup\u00e9rieure.<\/p>\n    \n    <a href=\"https:\/\/www.lalsace.fr\/economie\/2024\/09\/27\/mitwill-une-entreprise-textile-a-la-pointe-du-design-et-de-l-impression\" target=\"_blank\" style=\"display: inline-block; margin-top: 15px; padding: 10px 20px; background: #ff6600; color: white; text-decoration: none; border-radius: 6px; font-size: 16px; font-weight: bold; transition: background 0.3s ease; font-family: 'Poppins';\">\n Lire l'article\n    <\/a>\n  <\/div>\n<\/div>\n<\/div>\n\t\t\t\t<\/div>\n\t\t\t\t<\/div>\n\t\t\t\t<div class=\"elementor-element elementor-element-05731fd elementor-widget elementor-widget-shortcode\" data-id=\"05731fd\" data-element_type=\"widget\" data-widget_type=\"shortcode.default\">\n\t\t\t\t<div class=\"elementor-widget-container\">\n\t\t\t\t\t<div class=\"elementor-shortcode\"><div style=\"max-width: 800px; margin: 30px auto; background: #fff; border-radius: 10px; box-shadow: 0 4px 12px rgba(0,0,0,0.1); padding: 30px; display: flex; gap: 20px; align-items: flex-start;\" class=\"article-presse\">\n  <!-- Colonne gauche : emoji presse -->\n  <div style=\"flex-shrink: 0; width: 60px; font-size: 36px; text-align: center;\">\n \ud83d\udcf0\n  <\/div>\n\n  <!-- Colonne droite : contenu de l\u2019article -->\n  <div style=\"flex-grow: 1;\">\n    <p style=\"margin: 0; font-family: 'Poppins'; font-size: 14px; color: #888;\">\ud83d\udcc5 8 Juin 2023<\/p>\n    <h3 style=\"margin: 5px 0 10px; font-family: 'Poppins';\">Les \u00c9chos<\/h3>\n    <p style=\"margin: 0; font-family: 'Poppins'; font-style: italic; font-size: 16px; color: #555;\">\n Mitwill Textiles Europe : l\u2019UE fait la force\n    <\/p>\n    <p style=\"margin-top: 10px; font-family: 'Poppins';\">\nUn article publi\u00e9 par Les \u00c9chos en partenariat avec Bpifrance, qui met en lumi\u00e8re le r\u00f4le europ\u00e9en de Mitwill dans la transformation num\u00e9rique et \u00e9cologique du textile.\n    <\/p>\n    \n    <a href=\"https:\/\/www.lesechos.fr\/partenaires\/bpifrance\/mitwill-textiles-europe-lue-fait-la-force-1950351\" target=\"_blank\" rel=\"noopener noreferrer\" style=\"display: inline-block; margin-top: 15px; padding: 10px 20px; background: #ff6600; color: white; text-decoration: none; border-radius: 6px; font-size: 16px; font-weight: bold; transition: background 0.3s ease; font-family: 'Poppins';\">\n Lire l'article\n    <\/a>\n  <\/div>\n<\/div>\n<\/div>\n\t\t\t\t<\/div>\n\t\t\t\t<\/div>\n\t\t\t\t\t<\/div>\n\t\t<\/div>\n\t\t\t\t\t<\/div>\n\t\t<\/section>\n\t\t\t\t<section class=\"elementor-section elementor-top-section elementor-element elementor-element-5923e8c elementor-section-boxed elementor-section-height-default elementor-section-height-default\" data-id=\"5923e8c\" data-element_type=\"section\">\n\t\t\t\t\t\t<div class=\"elementor-container elementor-column-gap-default\">\n\t\t\t\t\t<div class=\"elementor-column elementor-col-100 elementor-top-column elementor-element elementor-element-91eaf3c\" data-id=\"91eaf3c\" data-element_type=\"column\">\n\t\t\t<div class=\"elementor-widget-wrap\">\n\t\t\t\t\t\t\t<\/div>\n\t\t<\/div>\n\t\t\t\t\t<\/div>\n\t\t<\/section>\n\t\t\t\t<\/div>\n\t\t","protected":false},"excerpt":{"rendered":"<p>\u00c0 vos agendas ! Premi\u00e8re Vision Paris revient \u00e0 ses dates historiques : retrouvez-nous du 16 au 18 septembre 2025 pour trois jours d\u2019inspiration au c\u0153ur de l\u2019innovation mode. Cette saison, le salon met \u00e0 l\u2019honneur l\u2019innovation et la technologie et devient un hub strat\u00e9gique pour d\u00e9couvrir les tendances Automne-Hiver 26-27 et construire une mode [&hellip;]<\/p>\n","protected":false},"author":1,"featured_media":0,"parent":0,"menu_order":0,"comment_status":"closed","ping_status":"closed","template":"","meta":{"footnotes":""},"class_list":["post-13193","page","type-page","status-publish","hentry"],"yoast_head":"<!-- This site is optimized with the Yoast SEO plugin v23.4 - https:\/\/yoast.com\/wordpress\/plugins\/seo\/ -->\n<title>Presse &amp; \u00e9v\u00e9nements | mitwilltextiles.com<\/title>\n<meta name=\"robots\" content=\"index, follow, max-snippet:-1, max-image-preview:large, max-video-preview:-1\" \/>\n<link rel=\"canonical\" href=\"https:\/\/mitwilltextiles.com\/fr\/presse-evenements\/\" \/>\n<meta property=\"og:locale\" content=\"fr_FR\" \/>\n<meta property=\"og:type\" content=\"article\" \/>\n<meta property=\"og:title\" content=\"Presse &amp; \u00e9v\u00e9nements | mitwilltextiles.com\" \/>\n<meta property=\"og:description\" content=\"\u00c0 vos agendas ! Premi\u00e8re Vision Paris revient \u00e0 ses dates historiques : retrouvez-nous du 16 au 18 septembre 2025 pour trois jours d\u2019inspiration au c\u0153ur de l\u2019innovation mode. Cette saison, le salon met \u00e0 l\u2019honneur l\u2019innovation et la technologie et devient un hub strat\u00e9gique pour d\u00e9couvrir les tendances Automne-Hiver 26-27 et construire une mode [&hellip;]\" \/>\n<meta property=\"og:url\" content=\"https:\/\/mitwilltextiles.com\/fr\/presse-evenements\/\" \/>\n<meta property=\"og:site_name\" content=\"mitwilltextiles.com\" \/>\n<meta property=\"article:publisher\" content=\"https:\/\/www.facebook.com\/people\/Mitwill-Textiles\/100083273555662\/\" \/>\n<meta property=\"article:modified_time\" content=\"2025-05-12T12:15:18+00:00\" \/>\n<meta property=\"og:image\" content=\"https:\/\/mitwilltextiles.com\/wp-content\/uploads\/2025\/04\/pv-paris.png\" \/>\n<meta name=\"twitter:card\" content=\"summary_large_image\" \/>\n<meta name=\"twitter:label1\" content=\"Dur\u00e9e de lecture estim\u00e9e\" \/>\n\t<meta name=\"twitter:data1\" content=\"1 minute\" \/>\n<script type=\"application\/ld+json\" class=\"yoast-schema-graph\">{\"@context\":\"https:\/\/schema.org\",\"@graph\":[{\"@type\":\"WebPage\",\"@id\":\"https:\/\/mitwilltextiles.com\/fr\/presse-evenements\/\",\"url\":\"https:\/\/mitwilltextiles.com\/fr\/presse-evenements\/\",\"name\":\"Presse &amp; \u00e9v\u00e9nements | mitwilltextiles.com\",\"isPartOf\":{\"@id\":\"https:\/\/mitwilltextiles.com\/it\/#website\"},\"primaryImageOfPage\":{\"@id\":\"https:\/\/mitwilltextiles.com\/fr\/presse-evenements\/#primaryimage\"},\"image\":{\"@id\":\"https:\/\/mitwilltextiles.com\/fr\/presse-evenements\/#primaryimage\"},\"thumbnailUrl\":\"https:\/\/mitwilltextiles.com\/wp-content\/uploads\/2025\/04\/pv-paris.png\",\"datePublished\":\"2025-04-17T07:55:32+00:00\",\"dateModified\":\"2025-05-12T12:15:18+00:00\",\"breadcrumb\":{\"@id\":\"https:\/\/mitwilltextiles.com\/fr\/presse-evenements\/#breadcrumb\"},\"inLanguage\":\"fr-FR\",\"potentialAction\":[{\"@type\":\"ReadAction\",\"target\":[\"https:\/\/mitwilltextiles.com\/fr\/presse-evenements\/\"]}]},{\"@type\":\"ImageObject\",\"inLanguage\":\"fr-FR\",\"@id\":\"https:\/\/mitwilltextiles.com\/fr\/presse-evenements\/#primaryimage\",\"url\":\"https:\/\/mitwilltextiles.com\/wp-content\/uploads\/2025\/04\/pv-paris.png\",\"contentUrl\":\"https:\/\/mitwilltextiles.com\/wp-content\/uploads\/2025\/04\/pv-paris.png\"},{\"@type\":\"BreadcrumbList\",\"@id\":\"https:\/\/mitwilltextiles.com\/fr\/presse-evenements\/#breadcrumb\",\"itemListElement\":[{\"@type\":\"ListItem\",\"position\":1,\"name\":\"Home\",\"item\":\"https:\/\/mitwilltextiles.com\/fr\/\"},{\"@type\":\"ListItem\",\"position\":2,\"name\":\"Presse &amp; \u00e9v\u00e9nements\"}]},{\"@type\":\"WebSite\",\"@id\":\"https:\/\/mitwilltextiles.com\/it\/#website\",\"url\":\"https:\/\/mitwilltextiles.com\/it\/\",\"name\":\"Mitwill Textiles\",\"description\":\"\",\"publisher\":{\"@id\":\"https:\/\/mitwilltextiles.com\/it\/#organization\"},\"potentialAction\":[{\"@type\":\"SearchAction\",\"target\":{\"@type\":\"EntryPoint\",\"urlTemplate\":\"https:\/\/mitwilltextiles.com\/it\/?s={search_term_string}\"},\"query-input\":{\"@type\":\"PropertyValueSpecification\",\"valueRequired\":true,\"valueName\":\"search_term_string\"}}],\"inLanguage\":\"fr-FR\"},{\"@type\":\"Organization\",\"@id\":\"https:\/\/mitwilltextiles.com\/it\/#organization\",\"name\":\"Mitwill Textiles Europe\",\"url\":\"https:\/\/mitwilltextiles.com\/it\/\",\"logo\":{\"@type\":\"ImageObject\",\"inLanguage\":\"fr-FR\",\"@id\":\"https:\/\/mitwilltextiles.com\/it\/#\/schema\/logo\/image\/\",\"url\":\"https:\/\/mitwilltextiles.com\/wp-content\/uploads\/2024\/07\/logo.jpg\",\"contentUrl\":\"https:\/\/mitwilltextiles.com\/wp-content\/uploads\/2024\/07\/logo.jpg\",\"width\":150,\"height\":150,\"caption\":\"Mitwill Textiles Europe\"},\"image\":{\"@id\":\"https:\/\/mitwilltextiles.com\/it\/#\/schema\/logo\/image\/\"},\"sameAs\":[\"https:\/\/www.facebook.com\/people\/Mitwill-Textiles\/100083273555662\/\",\"https:\/\/www.instagram.com\/mitwilltextiles\/\"]}]}<\/script>\n<!-- \/ Yoast SEO plugin. -->","yoast_head_json":{"title":"Presse &amp; \u00e9v\u00e9nements | mitwilltextiles.com","robots":{"index":"index","follow":"follow","max-snippet":"max-snippet:-1","max-image-preview":"max-image-preview:large","max-video-preview":"max-video-preview:-1"},"canonical":"https:\/\/mitwilltextiles.com\/fr\/presse-evenements\/","og_locale":"fr_FR","og_type":"article","og_title":"Presse &amp; \u00e9v\u00e9nements | mitwilltextiles.com","og_description":"\u00c0 vos agendas ! Premi\u00e8re Vision Paris revient \u00e0 ses dates historiques : retrouvez-nous du 16 au 18 septembre 2025 pour trois jours d\u2019inspiration au c\u0153ur de l\u2019innovation mode. Cette saison, le salon met \u00e0 l\u2019honneur l\u2019innovation et la technologie et devient un hub strat\u00e9gique pour d\u00e9couvrir les tendances Automne-Hiver 26-27 et construire une mode [&hellip;]","og_url":"https:\/\/mitwilltextiles.com\/fr\/presse-evenements\/","og_site_name":"mitwilltextiles.com","article_publisher":"https:\/\/www.facebook.com\/people\/Mitwill-Textiles\/100083273555662\/","article_modified_time":"2025-05-12T12:15:18+00:00","og_image":[{"url":"https:\/\/mitwilltextiles.com\/wp-content\/uploads\/2025\/04\/pv-paris.png"}],"twitter_card":"summary_large_image","twitter_misc":{"Dur\u00e9e de lecture estim\u00e9e":"1 minute"},"schema":{"@context":"https:\/\/schema.org","@graph":[{"@type":"WebPage","@id":"https:\/\/mitwilltextiles.com\/fr\/presse-evenements\/","url":"https:\/\/mitwilltextiles.com\/fr\/presse-evenements\/","name":"Presse &amp; \u00e9v\u00e9nements | mitwilltextiles.com","isPartOf":{"@id":"https:\/\/mitwilltextiles.com\/it\/#website"},"primaryImageOfPage":{"@id":"https:\/\/mitwilltextiles.com\/fr\/presse-evenements\/#primaryimage"},"image":{"@id":"https:\/\/mitwilltextiles.com\/fr\/presse-evenements\/#primaryimage"},"thumbnailUrl":"https:\/\/mitwilltextiles.com\/wp-content\/uploads\/2025\/04\/pv-paris.png","datePublished":"2025-04-17T07:55:32+00:00","dateModified":"2025-05-12T12:15:18+00:00","breadcrumb":{"@id":"https:\/\/mitwilltextiles.com\/fr\/presse-evenements\/#breadcrumb"},"inLanguage":"fr-FR","potentialAction":[{"@type":"ReadAction","target":["https:\/\/mitwilltextiles.com\/fr\/presse-evenements\/"]}]},{"@type":"ImageObject","inLanguage":"fr-FR","@id":"https:\/\/mitwilltextiles.com\/fr\/presse-evenements\/#primaryimage","url":"https:\/\/mitwilltextiles.com\/wp-content\/uploads\/2025\/04\/pv-paris.png","contentUrl":"https:\/\/mitwilltextiles.com\/wp-content\/uploads\/2025\/04\/pv-paris.png"},{"@type":"BreadcrumbList","@id":"https:\/\/mitwilltextiles.com\/fr\/presse-evenements\/#breadcrumb","itemListElement":[{"@type":"ListItem","position":1,"name":"Home","item":"https:\/\/mitwilltextiles.com\/fr\/"},{"@type":"ListItem","position":2,"name":"Presse &amp; \u00e9v\u00e9nements"}]},{"@type":"WebSite","@id":"https:\/\/mitwilltextiles.com\/it\/#website","url":"https:\/\/mitwilltextiles.com\/it\/","name":"Mitwill Textiles","description":"","publisher":{"@id":"https:\/\/mitwilltextiles.com\/it\/#organization"},"potentialAction":[{"@type":"SearchAction","target":{"@type":"EntryPoint","urlTemplate":"https:\/\/mitwilltextiles.com\/it\/?s={search_term_string}"},"query-input":{"@type":"PropertyValueSpecification","valueRequired":true,"valueName":"search_term_string"}}],"inLanguage":"fr-FR"},{"@type":"Organization","@id":"https:\/\/mitwilltextiles.com\/it\/#organization","name":"Mitwill Textiles Europe","url":"https:\/\/mitwilltextiles.com\/it\/","logo":{"@type":"ImageObject","inLanguage":"fr-FR","@id":"https:\/\/mitwilltextiles.com\/it\/#\/schema\/logo\/image\/","url":"https:\/\/mitwilltextiles.com\/wp-content\/uploads\/2024\/07\/logo.jpg","contentUrl":"https:\/\/mitwilltextiles.com\/wp-content\/uploads\/2024\/07\/logo.jpg","width":150,"height":150,"caption":"Mitwill Textiles Europe"},"image":{"@id":"https:\/\/mitwilltextiles.com\/it\/#\/schema\/logo\/image\/"},"sameAs":["https:\/\/www.facebook.com\/people\/Mitwill-Textiles\/100083273555662\/","https:\/\/www.instagram.com\/mitwilltextiles\/"]}]}},"_links":{"self":[{"href":"https:\/\/mitwilltextiles.com\/fr\/wp-json\/wp\/v2\/pages\/13193"}],"collection":[{"href":"https:\/\/mitwilltextiles.com\/fr\/wp-json\/wp\/v2\/pages"}],"about":[{"href":"https:\/\/mitwilltextiles.com\/fr\/wp-json\/wp\/v2\/types\/page"}],"author":[{"embeddable":true,"href":"https:\/\/mitwilltextiles.com\/fr\/wp-json\/wp\/v2\/users\/1"}],"replies":[{"embeddable":true,"href":"https:\/\/mitwilltextiles.com\/fr\/wp-json\/wp\/v2\/comments?post=13193"}],"version-history":[{"count":1,"href":"https:\/\/mitwilltextiles.com\/fr\/wp-json\/wp\/v2\/pages\/13193\/revisions"}],"predecessor-version":[{"id":13194,"href":"https:\/\/mitwilltextiles.com\/fr\/wp-json\/wp\/v2\/pages\/13193\/revisions\/13194"}],"wp:attachment":[{"href":"https:\/\/mitwilltextiles.com\/fr\/wp-json\/wp\/v2\/media?parent=13193"}],"curies":[{"name":"wp","href":"https:\/\/api.w.org\/{rel}","templated":true}]}}