{"id":11570,"date":"2024-07-11T10:28:07","date_gmt":"2024-07-11T10:28:07","guid":{"rendered":"https:\/\/mitwilltextiles.com\/politica-de-privacidade\/"},"modified":"2024-07-22T12:14:56","modified_gmt":"2024-07-22T12:14:56","slug":"politica-de-privacidade","status":"publish","type":"page","link":"https:\/\/mitwilltextiles.com\/pt-pt\/politica-de-privacidade\/","title":{"rendered":"Pol\u00edtica de privacidade"},"content":{"rendered":"\t\t<div data-elementor-type=\"wp-page\" data-elementor-id=\"11570\" class=\"elementor elementor-11570 elementor-2179\" data-elementor-post-type=\"page\">\n\t\t\t\t\t\t<section class=\"elementor-section elementor-top-section elementor-element elementor-element-7b747be elementor-section-boxed elementor-section-height-default elementor-section-height-default\" data-id=\"7b747be\" data-element_type=\"section\" data-settings=\"{&quot;background_background&quot;:&quot;classic&quot;}\">\n\t\t\t\t\t\t<div class=\"elementor-container elementor-column-gap-default\">\n\t\t\t\t\t<div class=\"elementor-column elementor-col-100 elementor-top-column elementor-element elementor-element-5fce511\" data-id=\"5fce511\" data-element_type=\"column\">\n\t\t\t<div class=\"elementor-widget-wrap elementor-element-populated\">\n\t\t\t\t\t\t<div class=\"elementor-element elementor-element-8ba87bf animated-slow elementor-invisible elementor-widget elementor-widget-heading\" data-id=\"8ba87bf\" data-element_type=\"widget\" data-settings=\"{&quot;_animation&quot;:&quot;slideInUp&quot;,&quot;_animation_delay&quot;:10}\" data-widget_type=\"heading.default\">\n\t\t\t\t<div class=\"elementor-widget-container\">\n\t\t\t<h1 class=\"elementor-heading-title elementor-size-default\">Pol\u00edtica de privacidade<\/h1>\t\t<\/div>\n\t\t\t\t<\/div>\n\t\t\t\t<div class=\"elementor-element elementor-element-62547f8 animated-slow elementor-invisible elementor-widget elementor-widget-text-editor\" data-id=\"62547f8\" data-element_type=\"widget\" data-settings=\"{&quot;_animation&quot;:&quot;slideInUp&quot;,&quot;_animation_delay&quot;:10}\" data-widget_type=\"text-editor.default\">\n\t\t\t\t<div class=\"elementor-widget-container\">\n\t\t\t\t\t\t\t<p>\u00daltima atualiza\u00e7\u00e3o em 10-Jul-2024  <\/p>\n<p>Data de vig\u00eancia 10-Jul-2024  <\/p>\n<p>Esta Pol\u00edtica de Privacidade descreve as pol\u00edticas da Mitwill Textiles Europe SARL, 104 rue des Bains, SAUSHEIM 68390, Fran\u00e7a, e-mail: <a href=\"mailto:herve@mitwill.com\">herve@mitwill.com,<\/a> telefone: <a href=\"tel:+33389578273\">+33389578273<\/a> sobre a recolha, utiliza\u00e7\u00e3o e divulga\u00e7\u00e3o da tua informa\u00e7\u00e3o que recolhemos quando utilizas o nosso website ( <a href=\"https:\/\/mitwilltextiles.com\/pt-pt\/\">https:\/\/mitwilltextiles.com<\/a> ).<br \/>\n(o &#8220;Servi\u00e7o&#8221;).<br \/>\nAo aceder ou utilizar o Servi\u00e7o, est\u00e1s a consentir a recolha, utiliza\u00e7\u00e3o e divulga\u00e7\u00e3o das tuas informa\u00e7\u00f5es de acordo com a presente Pol\u00edtica de Privacidade.<br \/>\nSe n\u00e3o concordares com o mesmo, n\u00e3o acedas ou utilizes o Servi\u00e7o.     <\/p>\n<p>Podemos modificar esta Pol\u00edtica de Privacidade a qualquer momento, sem aviso pr\u00e9vio, e publicaremos a Pol\u00edtica de Privacidade revista no Servi\u00e7o.<br \/>\nA Pol\u00edtica revista entrar\u00e1 em vigor 180 dias ap\u00f3s a publica\u00e7\u00e3o da Pol\u00edtica revista no Servi\u00e7o e o teu acesso ou utiliza\u00e7\u00e3o continuada do Servi\u00e7o ap\u00f3s esse per\u00edodo constituir\u00e1 a tua aceita\u00e7\u00e3o da Pol\u00edtica de Privacidade revista.<br \/>\nPor isso, recomendamos que revejas periodicamente esta p\u00e1gina.    <\/p>\n<p><strong>Os teus direitos:<\/strong> Dependendo da lei aplic\u00e1vel, podes ter o direito de aceder e retificar ou apagar os teus dados pessoais ou receber uma c\u00f3pia dos teus dados pessoais, restringir ou opor-te ao processamento ativo dos teus dados, pedir-nos para partilhar (portar) as tuas informa\u00e7\u00f5es pessoais com outra entidade, retirar qualquer consentimento que nos tenhas dado para processar os teus dados, o direito de apresentar uma queixa junto de uma autoridade estatut\u00e1ria e outros direitos que possam ser relevantes ao abrigo das leis aplic\u00e1veis.<br \/>\nPara exercer estes direitos, podes escrever-nos para <a href=\"mailto:herve@mitwill.com\">herve@mitwill.com.<\/a><br \/>\nResponderemos ao teu pedido em conformidade com a legisla\u00e7\u00e3o aplic\u00e1vel.    <\/p>\n<p>Tem em aten\u00e7\u00e3o que, se n\u00e3o nos autorizares a recolher ou processar as informa\u00e7\u00f5es pessoais necess\u00e1rias ou se retirares o consentimento para o processamento das mesmas para os fins pretendidos, poder\u00e1s n\u00e3o conseguir aceder ou utilizar os servi\u00e7os para os quais as tuas informa\u00e7\u00f5es foram solicitadas.  <\/p>\n<p><strong>Cookies Etc.<\/strong>  Para saberes mais sobre a forma como as utilizamos e as tuas escolhas em rela\u00e7\u00e3o a estas tecnologias de rastreio, consulta a nossa Pol\u00edtica de Cookies.  <\/p>\n<p><strong>Seguran\u00e7a:<\/strong> A seguran\u00e7a das tuas informa\u00e7\u00f5es \u00e9 importante para n\u00f3s e utilizaremos medidas de seguran\u00e7a razo\u00e1veis para evitar a perda, utiliza\u00e7\u00e3o indevida ou altera\u00e7\u00e3o n\u00e3o autorizada das tuas informa\u00e7\u00f5es sob o nosso controlo.<br \/>\nNo entanto, dados os riscos inerentes, n\u00e3o podemos garantir uma seguran\u00e7a absoluta e, consequentemente, n\u00e3o podemos assegurar ou garantir a seguran\u00e7a de qualquer informa\u00e7\u00e3o que nos transmitas e f\u00e1-lo-\u00e1s por tua conta e risco.   <\/p>\n<p><strong>Reclama\u00e7\u00e3o \/ Respons\u00e1vel pela prote\u00e7\u00e3o de dados:<\/strong> Se tiveres alguma d\u00favida ou preocupa\u00e7\u00e3o sobre o processamento das tuas informa\u00e7\u00f5es que est\u00e3o dispon\u00edveis connosco, podes enviar um e-mail para o nosso Respons\u00e1vel pela Reclama\u00e7\u00e3o na Mitwill Textiles Europe SARL, 104 rue des Bains 68390 SAUSHEIM Fran\u00e7a, e-mail: <a href=\"mailto:herve@mitwill.com\">herve@mitwill.com.<\/a><br \/>\nResponderemos \u00e0s tuas preocupa\u00e7\u00f5es em conformidade com a legisla\u00e7\u00e3o aplic\u00e1vel.   <\/p>\n\t\t\t\t\t\t<\/div>\n\t\t\t\t<\/div>\n\t\t\t\t\t<\/div>\n\t\t<\/div>\n\t\t\t\t\t<\/div>\n\t\t<\/section>\n\t\t\t\t<\/div>\n\t\t","protected":false},"excerpt":{"rendered":"<p>Pol\u00edtica de privacidade \u00daltima atualiza\u00e7\u00e3o em 10-Jul-2024 Data de vig\u00eancia 10-Jul-2024 Esta Pol\u00edtica de Privacidade descreve as pol\u00edticas da Mitwill Textiles Europe SARL, 104 rue des Bains, SAUSHEIM 68390, Fran\u00e7a, e-mail: herve@mitwill.com, telefone: +33389578273 sobre a recolha, utiliza\u00e7\u00e3o e divulga\u00e7\u00e3o da tua informa\u00e7\u00e3o que recolhemos quando utilizas o nosso website ( https:\/\/mitwilltextiles.com ). (o &#8220;Servi\u00e7o&#8221;). [&hellip;]<\/p>\n","protected":false},"author":1,"featured_media":0,"parent":0,"menu_order":0,"comment_status":"closed","ping_status":"closed","template":"elementor_header_footer","meta":{"footnotes":""},"class_list":["post-11570","page","type-page","status-publish","hentry"],"yoast_head":"<!-- This site is optimized with the Yoast SEO plugin v23.4 - https:\/\/yoast.com\/wordpress\/plugins\/seo\/ -->\n<title>Pol\u00edtica de Privacidade | Mitwill Textiles<\/title>\n<meta name=\"description\" content=\"L\u00ea a Pol\u00edtica de Privacidade da Mitwill Textiles para compreenderes como recolhemos, utilizamos e protegemos as tuas informa\u00e7\u00f5es pessoais.\" \/>\n<meta name=\"robots\" content=\"index, follow, max-snippet:-1, max-image-preview:large, max-video-preview:-1\" \/>\n<link rel=\"canonical\" href=\"https:\/\/mitwilltextiles.com\/pt-pt\/?page_id=11570\" \/>\n<meta property=\"og:locale\" content=\"pt_PT\" \/>\n<meta property=\"og:type\" content=\"article\" \/>\n<meta property=\"og:title\" content=\"Pol\u00edtica de Privacidade | Mitwill Textiles\" \/>\n<meta property=\"og:description\" content=\"L\u00ea a Pol\u00edtica de Privacidade da Mitwill Textiles para compreenderes como recolhemos, utilizamos e protegemos as tuas informa\u00e7\u00f5es pessoais.\" \/>\n<meta property=\"og:url\" content=\"https:\/\/mitwilltextiles.com\/pt-pt\/?page_id=11570\" \/>\n<meta property=\"og:site_name\" content=\"mitwilltextiles.com\" \/>\n<meta property=\"article:publisher\" content=\"https:\/\/www.facebook.com\/people\/Mitwill-Textiles\/100083273555662\/\" \/>\n<meta property=\"article:modified_time\" content=\"2024-07-22T12:14:56+00:00\" \/>\n<meta name=\"twitter:card\" content=\"summary_large_image\" \/>\n<meta name=\"twitter:label1\" content=\"Tempo estimado de leitura\" \/>\n\t<meta name=\"twitter:data1\" content=\"3 minutos\" \/>\n<script type=\"application\/ld+json\" class=\"yoast-schema-graph\">{\"@context\":\"https:\/\/schema.org\",\"@graph\":[{\"@type\":\"WebPage\",\"@id\":\"https:\/\/mitwilltextiles.com\/pt-pt\/?page_id=11570\",\"url\":\"https:\/\/mitwilltextiles.com\/pt-pt\/?page_id=11570\",\"name\":\"Pol\u00edtica de Privacidade | Mitwill Textiles\",\"isPartOf\":{\"@id\":\"https:\/\/mitwilltextiles.com\/it\/#website\"},\"datePublished\":\"2024-07-11T10:28:07+00:00\",\"dateModified\":\"2024-07-22T12:14:56+00:00\",\"description\":\"L\u00ea a Pol\u00edtica de Privacidade da Mitwill Textiles para compreenderes como recolhemos, utilizamos e protegemos as tuas informa\u00e7\u00f5es pessoais.\",\"breadcrumb\":{\"@id\":\"https:\/\/mitwilltextiles.com\/pt-pt\/?page_id=11570#breadcrumb\"},\"inLanguage\":\"pt-PT\",\"potentialAction\":[{\"@type\":\"ReadAction\",\"target\":[\"https:\/\/mitwilltextiles.com\/pt-pt\/?page_id=11570\"]}]},{\"@type\":\"BreadcrumbList\",\"@id\":\"https:\/\/mitwilltextiles.com\/pt-pt\/?page_id=11570#breadcrumb\",\"itemListElement\":[{\"@type\":\"ListItem\",\"position\":1,\"name\":\"Home\",\"item\":\"https:\/\/mitwilltextiles.com\/pt-pt\/\"},{\"@type\":\"ListItem\",\"position\":2,\"name\":\"Pol\u00edtica de privacidade\"}]},{\"@type\":\"WebSite\",\"@id\":\"https:\/\/mitwilltextiles.com\/it\/#website\",\"url\":\"https:\/\/mitwilltextiles.com\/it\/\",\"name\":\"Mitwill Textiles\",\"description\":\"\",\"publisher\":{\"@id\":\"https:\/\/mitwilltextiles.com\/it\/#organization\"},\"potentialAction\":[{\"@type\":\"SearchAction\",\"target\":{\"@type\":\"EntryPoint\",\"urlTemplate\":\"https:\/\/mitwilltextiles.com\/it\/?s={search_term_string}\"},\"query-input\":{\"@type\":\"PropertyValueSpecification\",\"valueRequired\":true,\"valueName\":\"search_term_string\"}}],\"inLanguage\":\"pt-PT\"},{\"@type\":\"Organization\",\"@id\":\"https:\/\/mitwilltextiles.com\/it\/#organization\",\"name\":\"Mitwill Textiles Europe\",\"url\":\"https:\/\/mitwilltextiles.com\/it\/\",\"logo\":{\"@type\":\"ImageObject\",\"inLanguage\":\"pt-PT\",\"@id\":\"https:\/\/mitwilltextiles.com\/it\/#\/schema\/logo\/image\/\",\"url\":\"https:\/\/mitwilltextiles.com\/wp-content\/uploads\/2024\/07\/logo.jpg\",\"contentUrl\":\"https:\/\/mitwilltextiles.com\/wp-content\/uploads\/2024\/07\/logo.jpg\",\"width\":150,\"height\":150,\"caption\":\"Mitwill Textiles Europe\"},\"image\":{\"@id\":\"https:\/\/mitwilltextiles.com\/it\/#\/schema\/logo\/image\/\"},\"sameAs\":[\"https:\/\/www.facebook.com\/people\/Mitwill-Textiles\/100083273555662\/\",\"https:\/\/www.instagram.com\/mitwilltextiles\/\"]}]}<\/script>\n<!-- \/ Yoast SEO plugin. -->","yoast_head_json":{"title":"Pol\u00edtica de Privacidade | Mitwill Textiles","description":"L\u00ea a Pol\u00edtica de Privacidade da Mitwill Textiles para compreenderes como recolhemos, utilizamos e protegemos as tuas informa\u00e7\u00f5es pessoais.","robots":{"index":"index","follow":"follow","max-snippet":"max-snippet:-1","max-image-preview":"max-image-preview:large","max-video-preview":"max-video-preview:-1"},"canonical":"https:\/\/mitwilltextiles.com\/pt-pt\/?page_id=11570","og_locale":"pt_PT","og_type":"article","og_title":"Pol\u00edtica de Privacidade | Mitwill Textiles","og_description":"L\u00ea a Pol\u00edtica de Privacidade da Mitwill Textiles para compreenderes como recolhemos, utilizamos e protegemos as tuas informa\u00e7\u00f5es pessoais.","og_url":"https:\/\/mitwilltextiles.com\/pt-pt\/?page_id=11570","og_site_name":"mitwilltextiles.com","article_publisher":"https:\/\/www.facebook.com\/people\/Mitwill-Textiles\/100083273555662\/","article_modified_time":"2024-07-22T12:14:56+00:00","twitter_card":"summary_large_image","twitter_misc":{"Tempo estimado de leitura":"3 minutos"},"schema":{"@context":"https:\/\/schema.org","@graph":[{"@type":"WebPage","@id":"https:\/\/mitwilltextiles.com\/pt-pt\/?page_id=11570","url":"https:\/\/mitwilltextiles.com\/pt-pt\/?page_id=11570","name":"Pol\u00edtica de Privacidade | Mitwill Textiles","isPartOf":{"@id":"https:\/\/mitwilltextiles.com\/it\/#website"},"datePublished":"2024-07-11T10:28:07+00:00","dateModified":"2024-07-22T12:14:56+00:00","description":"L\u00ea a Pol\u00edtica de Privacidade da Mitwill Textiles para compreenderes como recolhemos, utilizamos e protegemos as tuas informa\u00e7\u00f5es pessoais.","breadcrumb":{"@id":"https:\/\/mitwilltextiles.com\/pt-pt\/?page_id=11570#breadcrumb"},"inLanguage":"pt-PT","potentialAction":[{"@type":"ReadAction","target":["https:\/\/mitwilltextiles.com\/pt-pt\/?page_id=11570"]}]},{"@type":"BreadcrumbList","@id":"https:\/\/mitwilltextiles.com\/pt-pt\/?page_id=11570#breadcrumb","itemListElement":[{"@type":"ListItem","position":1,"name":"Home","item":"https:\/\/mitwilltextiles.com\/pt-pt\/"},{"@type":"ListItem","position":2,"name":"Pol\u00edtica de privacidade"}]},{"@type":"WebSite","@id":"https:\/\/mitwilltextiles.com\/it\/#website","url":"https:\/\/mitwilltextiles.com\/it\/","name":"Mitwill Textiles","description":"","publisher":{"@id":"https:\/\/mitwilltextiles.com\/it\/#organization"},"potentialAction":[{"@type":"SearchAction","target":{"@type":"EntryPoint","urlTemplate":"https:\/\/mitwilltextiles.com\/it\/?s={search_term_string}"},"query-input":{"@type":"PropertyValueSpecification","valueRequired":true,"valueName":"search_term_string"}}],"inLanguage":"pt-PT"},{"@type":"Organization","@id":"https:\/\/mitwilltextiles.com\/it\/#organization","name":"Mitwill Textiles Europe","url":"https:\/\/mitwilltextiles.com\/it\/","logo":{"@type":"ImageObject","inLanguage":"pt-PT","@id":"https:\/\/mitwilltextiles.com\/it\/#\/schema\/logo\/image\/","url":"https:\/\/mitwilltextiles.com\/wp-content\/uploads\/2024\/07\/logo.jpg","contentUrl":"https:\/\/mitwilltextiles.com\/wp-content\/uploads\/2024\/07\/logo.jpg","width":150,"height":150,"caption":"Mitwill Textiles Europe"},"image":{"@id":"https:\/\/mitwilltextiles.com\/it\/#\/schema\/logo\/image\/"},"sameAs":["https:\/\/www.facebook.com\/people\/Mitwill-Textiles\/100083273555662\/","https:\/\/www.instagram.com\/mitwilltextiles\/"]}]}},"_links":{"self":[{"href":"https:\/\/mitwilltextiles.com\/pt-pt\/wp-json\/wp\/v2\/pages\/11570"}],"collection":[{"href":"https:\/\/mitwilltextiles.com\/pt-pt\/wp-json\/wp\/v2\/pages"}],"about":[{"href":"https:\/\/mitwilltextiles.com\/pt-pt\/wp-json\/wp\/v2\/types\/page"}],"author":[{"embeddable":true,"href":"https:\/\/mitwilltextiles.com\/pt-pt\/wp-json\/wp\/v2\/users\/1"}],"replies":[{"embeddable":true,"href":"https:\/\/mitwilltextiles.com\/pt-pt\/wp-json\/wp\/v2\/comments?post=11570"}],"version-history":[{"count":2,"href":"https:\/\/mitwilltextiles.com\/pt-pt\/wp-json\/wp\/v2\/pages\/11570\/revisions"}],"predecessor-version":[{"id":11573,"href":"https:\/\/mitwilltextiles.com\/pt-pt\/wp-json\/wp\/v2\/pages\/11570\/revisions\/11573"}],"wp:attachment":[{"href":"https:\/\/mitwilltextiles.com\/pt-pt\/wp-json\/wp\/v2\/media?parent=11570"}],"curies":[{"name":"wp","href":"https:\/\/api.w.org\/{rel}","templated":true}]}}